{"id":69,"date":"2014-08-18T09:23:36","date_gmt":"2014-08-18T09:23:36","guid":{"rendered":"https:\/\/www.gotthardotthon.hu\/?page_id=69"},"modified":"2023-04-24T08:54:21","modified_gmt":"2023-04-24T07:54:21","slug":"otthon","status":"publish","type":"page","link":"https:\/\/www.gotthardotthon.hu\/?page_id=69","title":{"rendered":"Otthon"},"content":{"rendered":"<p>Az int\u00e9zm\u00e9ny 1952-ben kezdte meg m\u0171k\u00f6d\u00e9s\u00e9t a sz\u00e1zadfordul\u00f3n \u00e9p\u00fclt egykori doh\u00e1nygy\u00e1r \u00e9p\u00fclet\u00e9ben. Az otthon jelenlegi form\u00e1j\u00e1t, kapacit\u00e1s\u00e1t az eg\u00e9sz int\u00e9zm\u00e9nyre kiterjed\u0151 rekonstrukci\u00f3 sor\u00e1n nyerte el. Az int\u00e9zm\u00e9ny jelenleg 734 f\u00e9r\u0151helyes \u2013 az orsz\u00e1g legnagyobb \u2013 kr\u00f3nikus pszichi\u00e1triai betegeket gondoz\u00f3 otthona.<br \/>\n<a href=\"https:\/\/www.gotthardotthon.hu\/wp-content\/uploads\/2010\/04\/legi3.jpg\"><img loading=\"lazy\" decoding=\"async\" class=\"alignleft  wp-image-86\" title=\"legi3\" src=\"https:\/\/www.gotthardotthon.hu\/wp-content\/uploads\/2010\/04\/legi3-300x242.jpg\" alt=\"\" width=\"240\" height=\"194\" \/><\/a> A pszichi\u00e1triai betegek otthon\u00e1ba az a kr\u00f3nikus pszichi\u00e1triai beteg gondozhat\u00f3, aki az ell\u00e1t\u00e1s ig\u00e9nybev\u00e9tel\u00e9nek id\u0151pontj\u00e1ban nem vesz\u00e9lyeztet\u0151 \u00e1llapot\u00fa, akut gy\u00f3gyint\u00e9zm\u00e9nyi kezel\u00e9st nem ig\u00e9nyel \u00e9s eg\u00e9szs\u00e9gi \u00e1llapota, valamint szoci\u00e1lis helyzete miatt \u00f6nmaga ell\u00e1t\u00e1s\u00e1ra seg\u00edts\u00e9ggel sem k\u00e9pes.<br \/>\nId\u0151skori, vagy egy\u00e9b szellemi le\u00e9p\u00fcl\u00e9s, s\u00falyos antiszoci\u00e1lis, k\u00f6z\u00f6ss\u00e9gi egy\u00fctt\u00e9l\u00e9sre k\u00e9ptelen szem\u00e9lyis\u00e9gzavar, szenved\u00e9lybetegs\u00e9g eset\u00e9n csak abban az esetben lehets\u00e9ges a felv\u00e9tel, ha az int\u00e9zm\u00e9ny az alapbetegs\u00e9ggel \u00f6sszef\u00fcgg\u00e9sben is k\u00e9pes szolg\u00e1ltat\u00e1st ny\u00fajtani.<br \/>\nAz int\u00e9zm\u00e9ny az \u00f6nmaguk ell\u00e1t\u00e1s\u00e1ra nem, vagy csak folyamatos seg\u00edts\u00e9ggel k\u00e9pes szem\u00e9lyek napi legal\u00e1bb h\u00e1romszori \u00e9tkeztet\u00e9s\u00e9r\u0151<!--more-->l, sz\u00fcks\u00e9g szerinti ruh\u00e1zattal, illetve text\u00edli\u00e1val val\u00f3 ell\u00e1t\u00e1s\u00e1r\u00f3l, ment\u00e1lis gondoz\u00e1s\u00e1r\u00f3l, eg\u00e9szs\u00e9g\u00fcgyi ell\u00e1t\u00e1sr\u00f3l, valamint lakhat\u00e1s\u00e1r\u00f3l gondoskodik felt\u00e9ve, hogy ell\u00e1t\u00e1suk m\u00e1s m\u00f3don nem oldhat\u00f3 meg.<br \/>\nC\u00e9lja az olyan pszichi\u00e1triai betegek v\u00e9dett k\u00f6rnyezetben t\u00f6rt\u00e9n\u0151 gondoz\u00e1sa, akik akt\u00edv gy\u00f3gykezel\u00e9st m\u00e1r nem ig\u00e9nyelnek, akt\u00edv k\u00f3rh\u00e1zi \u00e1gyon t\u00f6rt\u00e9n\u0151 elhelyez\u00e9s\u00fck m\u00e1r nem j\u00e1rhat teljes eredm\u00e9nnyel, valamint \u00f6n\u00e1ll\u00f3 \u00e9letvitelre \u2013 legal\u00e1bbis \u00e1tmenetileg \u2013 kr\u00f3nikus betegs\u00e9g\u00fck miatt nem k\u00e9pesek.<\/p>\n","protected":false},"excerpt":{"rendered":"<p>Az int\u00e9zm\u00e9ny 1952-ben kezdte meg m\u0171k\u00f6d\u00e9s\u00e9t a sz\u00e1zadfordul\u00f3n \u00e9p\u00fclt egykori doh\u00e1nygy\u00e1r \u00e9p\u00fclet\u00e9ben. Az otthon jelenlegi form\u00e1j\u00e1t, kapacit\u00e1s\u00e1t az eg\u00e9sz int\u00e9zm\u00e9nyre kiterjed\u0151 rekonstrukci\u00f3 sor\u00e1n nyerte el. Az int\u00e9zm\u00e9ny jelenleg 734 f\u00e9r\u0151helyes \u2013 az orsz\u00e1g legnagyobb \u2013 kr\u00f3nikus pszichi\u00e1triai betegeket gondoz\u00f3 otthona. A pszichi\u00e1triai betegek otthon\u00e1ba az a kr\u00f3nikus pszichi\u00e1triai beteg gondozhat\u00f3, aki az ell\u00e1t\u00e1s ig\u00e9nybev\u00e9tel\u00e9nek id\u0151pontj\u00e1ban [&hellip;]<\/p>\n","protected":false},"author":1,"featured_media":1886,"parent":0,"menu_order":0,"comment_status":"closed","ping_status":"closed","template":"","meta":{"xn-wppe-expiration":[],"xn-wppe-expiration-action":[],"xn-wppe-expiration-prefix":[],"zakra_page_container_layout":"customizer","zakra_page_sidebar_layout":"customizer","zakra_remove_content_margin":false,"zakra_sidebar":"customizer","zakra_transparent_header":"customizer","zakra_logo":0,"zakra_main_header_style":"default","zakra_menu_item_color":"","zakra_menu_item_hover_color":"","zakra_menu_item_active_color":"","zakra_menu_active_style":"","zakra_page_header":true,"footnotes":""},"class_list":["post-69","page","type-page","status-publish","has-post-thumbnail","hentry"],"_links":{"self":[{"href":"https:\/\/www.gotthardotthon.hu\/index.php?rest_route=\/wp\/v2\/pages\/69","targetHints":{"allow":["GET"]}}],"collection":[{"href":"https:\/\/www.gotthardotthon.hu\/index.php?rest_route=\/wp\/v2\/pages"}],"about":[{"href":"https:\/\/www.gotthardotthon.hu\/index.php?rest_route=\/wp\/v2\/types\/page"}],"author":[{"embeddable":true,"href":"https:\/\/www.gotthardotthon.hu\/index.php?rest_route=\/wp\/v2\/users\/1"}],"replies":[{"embeddable":true,"href":"https:\/\/www.gotthardotthon.hu\/index.php?rest_route=%2Fwp%2Fv2%2Fcomments&post=69"}],"version-history":[{"count":5,"href":"https:\/\/www.gotthardotthon.hu\/index.php?rest_route=\/wp\/v2\/pages\/69\/revisions"}],"predecessor-version":[{"id":2163,"href":"https:\/\/www.gotthardotthon.hu\/index.php?rest_route=\/wp\/v2\/pages\/69\/revisions\/2163"}],"wp:featuredmedia":[{"embeddable":true,"href":"https:\/\/www.gotthardotthon.hu\/index.php?rest_route=\/wp\/v2\/media\/1886"}],"wp:attachment":[{"href":"https:\/\/www.gotthardotthon.hu\/index.php?rest_route=%2Fwp%2Fv2%2Fmedia&parent=69"}],"curies":[{"name":"wp","href":"https:\/\/api.w.org\/{rel}","templated":true}]}}