{"id":459,"date":"2014-09-23T20:41:58","date_gmt":"2014-09-23T19:41:58","guid":{"rendered":"https:\/\/www.gotthardotthon.hu\/?page_id=459"},"modified":"2026-04-07T09:31:02","modified_gmt":"2026-04-07T08:31:02","slug":"bekerules-az-otthonba","status":"publish","type":"page","link":"https:\/\/www.gotthardotthon.hu\/?page_id=459","title":{"rendered":"Beker\u00fcl\u00e9s az Otthonba"},"content":{"rendered":"\n<p>Int\u00e9zm\u00e9ny\u00fcnkbe az elhelyez\u00e9s ir\u00e1nti k\u00e9relmet azon szem\u00e9lyek adhatj\u00e1k be, akik a f\u0151v\u00e1ros ter\u00fclet\u00e9n bejelentett lak\u00f3, vagy tart\u00f3zkod\u00e1si hellyel rendelkeznek.<br>A szem\u00e9lyes gondoskod\u00e1st ny\u00fajt\u00f3 szoci\u00e1lis ell\u00e1t\u00e1s ig\u00e9nybev\u00e9tele \u00f6nk\u00e9ntes, az ell\u00e1t\u00e1st ig\u00e9nyl\u0151, ill. a t\u00f6rv\u00e9nyes k\u00e9pvisel\u0151je k\u00e9relm\u00e9re t\u00f6rt\u00e9nik.<br>A felv\u00e9teli k\u00e9relmet a R\u00e1baparti Integr\u00e1lt Szoci\u00e1lis Int\u00e9zm\u00e9ny Vas V\u00e1rmegye&nbsp;&nbsp;(9970 Szentgotth\u00e1rd Hunyadi u. 29.) c\u00edm\u00e9re&nbsp;kell beny\u00fajtani.<\/p>\n\n\n\n<p>A k\u00e9relemhez csatolni kell a ter\u00fcletileg illet\u00e9kes pszichi\u00e1triai gondoz\u00f3 szakorvos\u00e1nak, illetve a fekv\u0151beteg gy\u00f3gyint\u00e9zet pszichi\u00e1triai oszt\u00e1lya f\u0151orvos\u00e1nak javaslat\u00e1t a pszichi\u00e1triai betegek otthon\u00e1ban t\u00f6rt\u00e9n\u0151 elhelyez\u00e9shez.<br>A k\u00e9relmek be\u00e9rkez\u00e9s\u00e9t k\u00f6vet\u0151en (45 napon bel\u00fcl) elv\u00e9gezz\u00fck a k\u00e9relmez\u0151 el\u0151gondoz\u00e1s\u00e1t, a k\u00e9relmet nyilv\u00e1ntart\u00e1sba vessz\u00fck, besoroljuk a v\u00e1rakoz\u00f3k sor\u00e1ba. Ezekr\u0151l \u00edr\u00e1sban \u00e9rtes\u00edtj\u00fck a k\u00e9relmez\u0151t \u00e9s \u2013 amennyiben gondnoks\u00e1g alatt \u00e1ll \u2013 kirendelt gondnok\u00e1t.<\/p>\n\n\n\n<p><a href=\"https:\/\/www.gotthardotthon.hu\/wp-content\/uploads\/2014\/09\/K\u00c9RELEM-\u00c9S-ADATLAP.pdf\" target=\"_blank\" rel=\"noopener\">Adatlap a szoci\u00e1lis int\u00e9zm\u00e9nyi ell\u00e1t\u00e1s ig\u00e9nyl\u00e9shez<\/a><\/p>\n\n\n\n<p><a href=\"\/?attachment_id=2174\">T\u00c1J\u00c9KOZTAT\u00d3 a szoci\u00e1lis int\u00e9zm\u00e9nyi ell\u00e1t\u00e1s ig\u00e9nyl\u00e9s\u00e9hez<\/a><\/p>\n\n\n\n<p><strong>A v\u00e1rakoz\u00e1si id\u0151 int\u00e9zm\u00e9ny\u00fcnkbe: <strong> A Vas Megyei Korm\u00e1nyhivatal Hat\u00f3s\u00e1gi F\u0151oszt\u00e1ly Szoci\u00e1lis \u00e9s Gy\u00e1m\u00fcgyi Oszt\u00e1lya VA\/HF06\/00284-5\/2018. sz. 2018. november 05-\u00e9n kelt hat\u00e1rozat\u00e1ban megtiltotta int\u00e9zm\u00e9ny\u00fcnkbe t\u00f6rt\u00e9n\u0151 \u00fajabb ell\u00e1tottak felv\u00e9tel\u00e9t. Az \u00e9rkez\u0151 k\u00e9relmeket nyilv\u00e1ntart\u00e1sba vessz\u00fck, azonban a f\u00e9r\u0151hely elfoglal\u00e1s\u00e1nak v\u00e1rhat\u00f3 id\u0151pontj\u00e1r\u00f3l \u00e9rdemi inform\u00e1ci\u00f3t adni nem tudunk.<\/strong> <\/strong><\/p>\n\n\n\n<p><span style=\"color: #000080;\"><strong>Int\u00e9zm\u00e9nyi t\u00e9r\u00edt\u00e9si d\u00edj 2026 \u00e1prilis 01.-t\u0151l: <\/strong><\/span><\/p>\n\n\n\n<p><span style=\"color: #000080;\"><a href=\"\/?page_id=69\" data-type=\"URL\" data-id=\"\/?page_id=69\">Sz\u00e9khely: Hunyadi \u00fat: <\/a><strong>5.3<\/strong><strong>00<\/strong><strong>,- Ft\/f\u0151\/nap<\/strong><\/span><\/p>\n\n\n\n<p><span style=\"color: #000080;\"><a href=\"\/?page_id=135\">Lak\u00f3otthon: M\u00e1jus 1 \u00fat.<\/a><strong>: 5.500,- Ft\/f\u0151\/nap<\/strong><\/span><\/p>\n\n\n\n<p><a href=\"\/?attachment_id=2392\">K\u00f6zlem\u00e9ny a 2026. \u00e1prilis 01.-t\u0151l meg\u00e1llap\u00edtott int\u00e9zm\u00e9nyi t\u00e9r\u00edt\u00e9si d\u00edjakra<\/a><\/p>\n\n\n\n<p><strong>Az int\u00e9zm\u00e9nybe bevihet\u0151 szem\u00e9lyes t\u00e1rgyak k\u00f6r\u00e9nek ismertet\u00e9se:<\/strong><\/p>\n\n\n\n<p>Az ell\u00e1t\u00e1sban r\u00e9szes\u00fcl\u0151 bek\u00f6lt\u00f6z\u00e9skor az int\u00e9zm\u00e9nybe hozhatja a napi \u00e9let\u00e9hez n\u00e9lk\u00fcl\u00f6zhetetlen haszn\u00e1lati t\u00e1rgyait (\u00f3ra, borotva, stb.), sz\u00f3rakoztat\u00f3 elektronikai t\u00e1rgyait (r\u00e1di\u00f3, magn\u00f3, mobiltelefon, sz\u00e1m\u00edt\u00f3g\u00e9p stb.), als\u00f3 \u00e9s fels\u0151 ruh\u00e1zat\u00e1t, l\u00e1bbelij\u00e9t, szem\u00e9lyes haszn\u00e1lati t\u00e1rgyait. Az egy\u00e9b t\u00e1rgyak behozatala el\u0151zetes megbesz\u00e9l\u00e9s t\u00e1rgy\u00e1t k\u00e9pezik.<\/p>\n\n\n\n<p><\/p>\n","protected":false},"excerpt":{"rendered":"<p>Int\u00e9zm\u00e9ny\u00fcnkbe az elhelyez\u00e9s ir\u00e1nti k\u00e9relmet azon szem\u00e9lyek adhatj\u00e1k be, akik a f\u0151v\u00e1ros ter\u00fclet\u00e9n bejelentett lak\u00f3, vagy tart\u00f3zkod\u00e1si hellyel rendelkeznek.A szem\u00e9lyes gondoskod\u00e1st ny\u00fajt\u00f3 szoci\u00e1lis ell\u00e1t\u00e1s ig\u00e9nybev\u00e9tele \u00f6nk\u00e9ntes, az ell\u00e1t\u00e1st ig\u00e9nyl\u0151, ill. a t\u00f6rv\u00e9nyes k\u00e9pvisel\u0151je k\u00e9relm\u00e9re t\u00f6rt\u00e9nik.A felv\u00e9teli k\u00e9relmet a R\u00e1baparti Integr\u00e1lt Szoci\u00e1lis Int\u00e9zm\u00e9ny Vas V\u00e1rmegye&nbsp;&nbsp;(9970 Szentgotth\u00e1rd Hunyadi u. 29.) c\u00edm\u00e9re&nbsp;kell beny\u00fajtani. A k\u00e9relemhez csatolni kell a [&hellip;]<\/p>\n","protected":false},"author":1,"featured_media":0,"parent":0,"menu_order":0,"comment_status":"closed","ping_status":"closed","template":"","meta":{"xn-wppe-expiration":[],"xn-wppe-expiration-action":[],"xn-wppe-expiration-prefix":[],"zakra_page_container_layout":"customizer","zakra_page_sidebar_layout":"customizer","zakra_remove_content_margin":false,"zakra_sidebar":"customizer","zakra_transparent_header":"customizer","zakra_logo":0,"zakra_main_header_style":"default","zakra_menu_item_color":"","zakra_menu_item_hover_color":"","zakra_menu_item_active_color":"","zakra_menu_active_style":"","zakra_page_header":true,"footnotes":""},"class_list":["post-459","page","type-page","status-publish","hentry"],"_links":{"self":[{"href":"https:\/\/www.gotthardotthon.hu\/index.php?rest_route=\/wp\/v2\/pages\/459","targetHints":{"allow":["GET"]}}],"collection":[{"href":"https:\/\/www.gotthardotthon.hu\/index.php?rest_route=\/wp\/v2\/pages"}],"about":[{"href":"https:\/\/www.gotthardotthon.hu\/index.php?rest_route=\/wp\/v2\/types\/page"}],"author":[{"embeddable":true,"href":"https:\/\/www.gotthardotthon.hu\/index.php?rest_route=\/wp\/v2\/users\/1"}],"replies":[{"embeddable":true,"href":"https:\/\/www.gotthardotthon.hu\/index.php?rest_route=%2Fwp%2Fv2%2Fcomments&post=459"}],"version-history":[{"count":70,"href":"https:\/\/www.gotthardotthon.hu\/index.php?rest_route=\/wp\/v2\/pages\/459\/revisions"}],"predecessor-version":[{"id":2393,"href":"https:\/\/www.gotthardotthon.hu\/index.php?rest_route=\/wp\/v2\/pages\/459\/revisions\/2393"}],"wp:attachment":[{"href":"https:\/\/www.gotthardotthon.hu\/index.php?rest_route=%2Fwp%2Fv2%2Fmedia&parent=459"}],"curies":[{"name":"wp","href":"https:\/\/api.w.org\/{rel}","templated":true}]}}