{"id":111,"date":"2014-08-18T13:36:35","date_gmt":"2014-08-18T13:36:35","guid":{"rendered":"https:\/\/www.gotthardotthon.hu\/?page_id=111"},"modified":"2016-11-09T14:15:07","modified_gmt":"2016-11-09T13:15:07","slug":"mentalhigienia","status":"publish","type":"page","link":"https:\/\/www.gotthardotthon.hu\/?page_id=111","title":{"rendered":"Ment\u00e1lhigi\u00e9n\u00e9"},"content":{"rendered":"<div class=\"post-headline\">\n<h1><\/h1>\n<p>Ment\u00e1lhigi\u00e9ni\u00e1s ell\u00e1t\u00e1s<\/p>\n<\/div>\n<div class=\"post-bodycopy clearfix\">\n<p>A ment\u00e1lhigi\u00e9n\u00e9s r\u00e9szleg r\u00e9v\u00e9n szervez\u0151d\u0151 szolg\u00e1ltat\u00e1sok sz\u00e9les k\u00f6rben biztos\u00edtj\u00e1k lak\u00f3ink sz\u00e1m\u00e1ra a testi-lelki aktivit\u00e1s meg\u0151rz\u00e9s\u00e9t, a kultur\u00e1l\u00f3d\u00e1s, az ismeretszerz\u00e9s \u00e9s a kikapcsol\u00f3d\u00e1s lehet\u0151s\u00e9g\u00e9t. A szem\u00e9lyre szabott b\u00e1n\u00e1sm\u00f3d \u00e9rv\u00e9nyes\u00fcl\u00e9se mellett mindenki sz\u00e1m\u00e1ra el\u00e9rhet\u0151ek az egy\u00e9ni k\u00e9pess\u00e9gek \u00e9s k\u00e9szs\u00e9gek meg\u0151rz\u00e9s\u00e9t, azok fejleszt\u00e9s\u00e9t c\u00e9lz\u00f3 foglalkoz\u00e1sok, melyek egym\u00e1sra \u00e9p\u00fcl\u00e9se a fokozatoss\u00e1g biztos\u00edt\u00e1s\u00e1n t\u00fal, az egy\u00e9ni gondoz\u00e1si tervek, c\u00e9lkit\u0171z\u00e9seivel harmoniz\u00e1l. Egy\u00e9ni seg\u00edt\u0151 besz\u00e9lget\u00e9sekkel, tan\u00e1csok ad\u00e1s\u00e1val t\u00e1mogatjuk lak\u00f3ink \u00e9letvezet\u00e9s\u00e9t. R\u00e9szlegeinken az \u00e9letkor, az eg\u00e9szs\u00e9gi \u00e1llapot, valamint az egy\u00e9ni adotts\u00e1gok figyelembev\u00e9tel\u00e9vel szervez\u00fcnk szocioter\u00e1pi\u00e1s foglalkoz\u00e1sokat. Biztos\u00edtjuk a szabadid\u0151 kultur\u00e1lt elt\u00f6lt\u00e9s\u00e9nek felt\u00e9teleit, a csal\u00e1di \u00e9s t\u00e1rsadalmi kapcsolatok fenntart\u00e1s\u00e1t, a hit\u00e9let gyakorl\u00e1s\u00e1t. A szellemi, sz\u00f3rakoztat\u00f3 \u00e9s kultur\u00e1lis tev\u00e9kenys\u00e9gek tervez\u00e9s\u00e9n\u00e9l figyelembe vessz\u00fck a lak\u00f3i k\u00f6z\u00f6ss\u00e9g \u00f6tleteit, sz\u00e1nd\u00e9kait, illetve akt\u00edv felada<!--more-->tv\u00e1llal\u00e1sukra is alapozunk. Minden eszk\u00f6z\u00fcnkkel t\u00e1mogatjuk az int\u00e9zm\u00e9nyen bel\u00fcli kis k\u00f6z\u00f6ss\u00e9gek, t\u00e1rsas kapcsolatok kialakul\u00e1s\u00e1t \u00e9s azok kiegyens\u00falyozott m\u0171k\u00f6d\u00e9s\u00e9t. <a style=\"font-weight: bold; color: #cc0000;\" href=\"https:\/\/www.gotthardotthon.hu\/wp-content\/uploads\/2010\/04\/foglalkozas.jpg\"><img loading=\"lazy\" decoding=\"async\" class=\"alignright  wp-image-235\" title=\"foglalkozas\" src=\"https:\/\/www.gotthardotthon.hu\/wp-content\/uploads\/2010\/04\/foglalkozas-300x225.jpg\" alt=\"\" width=\"240\" height=\"180\" \/><\/a><br \/>\n\u00c9ves esem\u00e9nynapt\u00e1runk kiemelt programjai k\u00f6zt szerepelnek t\u00f6bbek k\u00f6z\u00f6tt aut\u00f3busz-kir\u00e1ndul\u00e1sok, egy hetes nyaral\u00e1s, mozi \u00e9s sz\u00ednh\u00e1zl\u00e1togat\u00e1sok, t\u00far\u00e1k, k\u00f6z\u00f6s s\u00fct\u00e9sek illetve f\u0151z\u00e9sek, zen\u00e9s d\u00e9lut\u00e1nok \u00e9s estek, vet\u00e9lked\u0151k \u00e9s sz\u00fclet\u00e9snapi \u00fcnneps\u00e9gek. A programok nagy r\u00e9sz\u00e9t ingyenesen biztos\u00edtjuk a lak\u00f3k r\u00e9sz\u00e9re, n\u00e9h\u00e1ny esetben kedvezm\u00e9nyes t\u00e9r\u00edt\u00e9si d\u00edjjal vehet\u0151 ig\u00e9nybe.<\/p>\n<\/div>\n<p style=\"color: #000000;\">Int\u00e9zm\u00e9ny\u00fcnkben kiemelt hangs\u00falyt fektet\u00fcnk a demokratikus \u00e9letforma fontoss\u00e1g\u00e1ra, ez\u00e9rt a ny\u00edlt \u00e9s \u0151szinte v\u00e9lem\u00e9nynyilv\u00e1n\u00edt\u00e1st fontosnak tartjuk a lak\u00f3k\u00f6z\u00f6ss\u00e9g mindennapjaiban. Mindig is t\u00f6rekedt\u00fcnk arra, hogy lak\u00f3k\u00f6z\u00f6ss\u00e9g\u00fcnk tagjainak seg\u00edts\u00fcnk az \u00f6ntev\u00e9keny \u00e9s \u00f6n\u00e1ll\u00f3bb \u00e9letvitel kialak\u00edt\u00e1s\u00e1ban \u00e9s fenntart\u00e1s\u00e1ban. Mindent elk\u00f6vet\u00fcnk annak \u00e9rdek\u00e9ben, hogy a r\u00e9szlegek lak\u00f3inak \u00f6tleteit megval\u00f3s\u00edtsuk, illetve seg\u00edts\u00e9get adjunk ebben sz\u00e1mukra.<\/p>\n<p style=\"color: #000000;\"><strong>&#8211; Ell\u00e1totti \u00d6nkorm\u00e1nyzat<\/strong><\/p>\n<p style=\"color: #000000;\">Otthonunkban az ell\u00e1tottak \u00e9rdekeik k\u00f6z\u00f6ss\u00e9gben t\u00f6rt\u00e9n\u0151 k\u00e9pviselet\u00e9re \u00e9s k\u00f6z\u00f6ss\u00e9gi \u00e9let\u00fck megszervez\u00e9s\u00e9re \u2013 v\u00e1lasztott k\u00e9pvisel\u0151ikb\u0151l- ell\u00e1totti \u00f6nkorm\u00e1nyzatot hoztak l\u00e9tre, melynek m\u0171k\u00f6d\u00e9se t\u00f6bb \u00e9vtizedes hagyom\u00e1nyokon alapul. Az ell\u00e1tottak \u00e9let\u00e9vel \u00f6sszef\u00fcgg\u0151en \u00e9s azok \u00e9rdek\u00e9ben demokratikus alapon nyugv\u00f3 lehet\u0151s\u00e9g az int\u00e9zm\u00e9nyi \u00e9letben val\u00f3 akt\u00edv r\u00e9szv\u00e9telre. A lak\u00f3k\u00f6z\u00f6ss\u00e9g \u00f6nir\u00e1ny\u00edt\u00f3 rendszerek\u00e9nt tev\u00e9kenys\u00e9gein kereszt\u00fcl seg\u00edti el\u0151 a v\u00e9lem\u00e9nynyilv\u00e1n\u00edt\u00e1si jog gyakorl\u00e1s\u00e1t, a d\u00f6nt\u00e9sk\u00e9pess\u00e9g kialakul\u00e1s\u00e1t \u00e9s fejl\u0151d\u00e9s\u00e9t, az \u00f6nrendelkez\u00e9s gyakorl\u00e1s\u00e1t. A k\u00f6z\u00f6ss\u00e9g \u00e9let\u00e9t mind teljesebben \u00e1tfogva teremt alkalmat a hat\u00e9kony \u00e9rdek\u00e9rv\u00e9nyes\u00edt\u00e9sre, a szervez\u0151 \u00e9s v\u00e9grehajt\u00f3 funkci\u00f3b\u00f3l ered\u0151 felel\u0151ss\u00e9g\u00e9rz\u00e9s \u00e9s tapasztalat megszerz\u00e9s\u00e9re.<br \/>\nFeladatait \u00e9ves munkaterv alapj\u00e1n v\u00e9gzi, azok teljes\u00fcl\u00e9s\u00e9r\u0151l \u00e9s programjaik eredm\u00e9nyess\u00e9g\u00e9r\u0151l besz\u00e1mol\u00f3t k\u00e9sz\u00edt.<br \/>\nAz ell\u00e1totti \u00f6nkorm\u00e1nyzat m\u0171k\u00f6d\u00e9s\u00e9nek \u00e9s v\u00e1laszt\u00e1s\u00e1nak r\u00e9szletes szab\u00e1lyait az int\u00e9zm\u00e9ny h\u00e1zirendje tartalmazza.<\/p>\n<p style=\"color: #000000;\"><strong>&#8211; Ell\u00e1tottjogi k\u00e9pvisel\u0151<\/strong><\/p>\n<p style=\"color: #000000;\">Az ell\u00e1tottjogi k\u00e9pvisel\u0151 az int\u00e9zm\u00e9nyi elhelyez\u00e9st ig\u00e9nybe vev\u0151, ill. a szolg\u00e1ltat\u00e1sban r\u00e9szes\u00fcl\u0151 r\u00e9sz\u00e9re ny\u00fajt seg\u00edts\u00e9get jogai gyakorl\u00e1s\u00e1ban. Az int\u00e9zm\u00e9ny vezet\u0151je az ell\u00e1tottakat t\u00e1j\u00e9koztatja az ell\u00e1tottjogi k\u00e9pvisel\u0151 \u00e1ltal ny\u00fajthat\u00f3 seg\u00edts\u00e9gad\u00e1s lehet\u0151s\u00e9g\u00e9r\u0151l, az ell\u00e1tottjogi k\u00e9pvisel\u0151 el\u00e9rhet\u0151s\u00e9g\u00e9r\u0151l. Az ell\u00e1tottjogi k\u00e9pvisel\u0151 megkeres\u00e9sre, illetve saj\u00e1t kezdem\u00e9nyez\u00e9sre t\u00e1j\u00e9koztat\u00e1st ny\u00fajthat az ell\u00e1tottakat \u00e9rint\u0151 legfontosabb alapjogok tekintet\u00e9ben, az int\u00e9zm\u00e9ny k\u00f6telezetts\u00e9geir\u0151l \u00e9s az ell\u00e1t\u00e1st ig\u00e9nybe vev\u0151ket \u00e9rint\u0151 jogokr\u00f3l.<br \/>\nAz ell\u00e1tottjogi k\u00e9pvisel\u0151 feladatait, jogosults\u00e1gait \u00e9s k\u00f6teless\u00e9geit az int\u00e9zm\u00e9ny h\u00e1zirendje tartalmazza.<\/p>\n<p style=\"color: #000000;\"><strong>&#8211; \u00c9rdekk\u00e9pviseleti f\u00f3rum<\/strong><\/p>\n<p style=\"color: #000000;\">El\u0151seg\u00edti az otthonunkban \u00e9l\u0151k jogainak \u00e9s \u00e9rdekeiknek \u00e9rv\u00e9nyes\u00fcl\u00e9s\u00e9t, illetve ell\u00e1tja \u00e9rdekeik v\u00e9delm\u00e9t. Tagjai v\u00e1laszt\u00e1s alapj\u00e1n, az ell\u00e1t\u00e1st ig\u00e9nybevev\u0151k k\u00f6z\u00fcl 4 f\u0151, az ell\u00e1tottak hozz\u00e1tartoz\u00f3i, illetve t\u00f6rv\u00e9nyes k\u00e9pvisel\u0151i k\u00f6z\u00fcl 1 f\u0151, az int\u00e9zm\u00e9ny dolgoz\u00f3inak k\u00e9pviselet\u00e9ben 1 f\u0151 \u00e9s kijel\u00f6l\u00e9s alapj\u00e1n az int\u00e9zm\u00e9nyt fenntart\u00f3 szervezet k\u00e9pviselet\u00e9ben 1 f\u0151.<br \/>\nA tagok n\u00e9vsora t\u00f6bb hely\u00fctt \u00e9s j\u00f3l l\u00e1that\u00f3n kif\u00fcggesztett.<br \/>\nAz \u00e9rdekk\u00e9pviseleti f\u00f3rum munk\u00e1ja sor\u00e1n:<br \/>\n&#8211; el\u0151zetesen v\u00e9lem\u00e9nyezi az int\u00e9zm\u00e9ny \u00e9let\u00e9vel kapcsolatos f\u0151bb dokumentumokat<br \/>\n&#8211; megt\u00e1rgyalja az int\u00e9zm\u00e9nyben \u00e9l\u0151k panaszait<br \/>\n&#8211; sz\u00fcks\u00e9g szerint t\u00e1j\u00e9koztat\u00e1st k\u00e9r<br \/>\n&#8211; jogszab\u00e1lys\u00e9rt\u00e9sre utal\u00f3 jelek \u00e9szlel\u00e9se eset\u00e9n int\u00e9zked\u00e9s megt\u00e9tel\u00e9t kezdem\u00e9nyezi a hat\u00f3s\u00e1gok fel\u00e9<br \/>\nA f\u00f3rum m\u0171k\u00f6d\u00e9s\u00e9nek \u00e9s v\u00e1laszt\u00e1s\u00e1nak r\u00e9szletes szab\u00e1lyait az int\u00e9zm\u00e9ny h\u00e1zirendje tartalmazza.<\/p>\n","protected":false},"excerpt":{"rendered":"<p>Ment\u00e1lhigi\u00e9ni\u00e1s ell\u00e1t\u00e1s A ment\u00e1lhigi\u00e9n\u00e9s r\u00e9szleg r\u00e9v\u00e9n szervez\u0151d\u0151 szolg\u00e1ltat\u00e1sok sz\u00e9les k\u00f6rben biztos\u00edtj\u00e1k lak\u00f3ink sz\u00e1m\u00e1ra a testi-lelki aktivit\u00e1s meg\u0151rz\u00e9s\u00e9t, a kultur\u00e1l\u00f3d\u00e1s, az ismeretszerz\u00e9s \u00e9s a kikapcsol\u00f3d\u00e1s lehet\u0151s\u00e9g\u00e9t. A szem\u00e9lyre szabott b\u00e1n\u00e1sm\u00f3d \u00e9rv\u00e9nyes\u00fcl\u00e9se mellett mindenki sz\u00e1m\u00e1ra el\u00e9rhet\u0151ek az egy\u00e9ni k\u00e9pess\u00e9gek \u00e9s k\u00e9szs\u00e9gek meg\u0151rz\u00e9s\u00e9t, azok fejleszt\u00e9s\u00e9t c\u00e9lz\u00f3 foglalkoz\u00e1sok, melyek egym\u00e1sra \u00e9p\u00fcl\u00e9se a fokozatoss\u00e1g biztos\u00edt\u00e1s\u00e1n t\u00fal, az egy\u00e9ni gondoz\u00e1si tervek, [&hellip;]<\/p>\n","protected":false},"author":1,"featured_media":0,"parent":0,"menu_order":0,"comment_status":"closed","ping_status":"closed","template":"","meta":{"xn-wppe-expiration":[],"xn-wppe-expiration-action":[],"xn-wppe-expiration-prefix":[],"zakra_page_container_layout":"customizer","zakra_page_sidebar_layout":"customizer","zakra_remove_content_margin":false,"zakra_sidebar":"customizer","zakra_transparent_header":"customizer","zakra_logo":0,"zakra_main_header_style":"default","zakra_menu_item_color":"","zakra_menu_item_hover_color":"","zakra_menu_item_active_color":"","zakra_menu_active_style":"","zakra_page_header":true,"footnotes":""},"class_list":["post-111","page","type-page","status-publish","hentry"],"_links":{"self":[{"href":"https:\/\/www.gotthardotthon.hu\/index.php?rest_route=\/wp\/v2\/pages\/111","targetHints":{"allow":["GET"]}}],"collection":[{"href":"https:\/\/www.gotthardotthon.hu\/index.php?rest_route=\/wp\/v2\/pages"}],"about":[{"href":"https:\/\/www.gotthardotthon.hu\/index.php?rest_route=\/wp\/v2\/types\/page"}],"author":[{"embeddable":true,"href":"https:\/\/www.gotthardotthon.hu\/index.php?rest_route=\/wp\/v2\/users\/1"}],"replies":[{"embeddable":true,"href":"https:\/\/www.gotthardotthon.hu\/index.php?rest_route=%2Fwp%2Fv2%2Fcomments&post=111"}],"version-history":[{"count":11,"href":"https:\/\/www.gotthardotthon.hu\/index.php?rest_route=\/wp\/v2\/pages\/111\/revisions"}],"predecessor-version":[{"id":929,"href":"https:\/\/www.gotthardotthon.hu\/index.php?rest_route=\/wp\/v2\/pages\/111\/revisions\/929"}],"wp:attachment":[{"href":"https:\/\/www.gotthardotthon.hu\/index.php?rest_route=%2Fwp%2Fv2%2Fmedia&parent=111"}],"curies":[{"name":"wp","href":"https:\/\/api.w.org\/{rel}","templated":true}]}}