{"id":108,"date":"2014-08-18T13:36:18","date_gmt":"2014-08-18T13:36:18","guid":{"rendered":"https:\/\/www.gotthardotthon.hu\/?page_id=108"},"modified":"2025-02-27T10:34:00","modified_gmt":"2025-02-27T09:34:00","slug":"apolas-gondozas","status":"publish","type":"page","link":"https:\/\/www.gotthardotthon.hu\/?page_id=108","title":{"rendered":"\u00c1pol\u00e1s-gondoz\u00e1s"},"content":{"rendered":"<p style=\"color: #000000;\">C\u00e9lunk biztons\u00e1gos \u00e9s nyugodt \u00e9letfelt\u00e9telek, szem\u00e9lyre sz\u00f3l\u00f3 \u00e1pol\u00e1st \u00e9s gondoz\u00e1st ny\u00fajt\u00e1sa minden lak\u00f3 sz\u00e1m\u00e1ra. A teljes k\u00f6r\u0171 ell\u00e1t\u00e1s mag\u00e1ban foglalja a lak\u00f3k fizikai, eg\u00e9szs\u00e9g\u00fcgyi \u00e9s ment\u00e1lhigi\u00e9n\u00e9s ell\u00e1t\u00e1s\u00e1t.<br \/>\nTev\u00e9kenys\u00e9g\u00fcnk sor\u00e1n a medicin\u00e1lis ter\u00e1pia mellett fontos szerepet tulajdon\u00edtunk a k\u00fcl\u00f6nb\u00f6z\u0151 pszichoter\u00e1pi\u00e1s m\u00f3dszereknek \u00e9s a munkafoglalkoztat\u00e1snak is.<br \/>\nFokozott figyelmet ford\u00edtunk arra, hogy az ell\u00e1t\u00e1sban r\u00e9szes\u00fcl\u0151k emberi \u00e9s \u00e1llampolg\u00e1ri jogai ne s\u00e9r\u00fcljenek. Arra t\u00f6reksz\u00fcnk, hogy az egy\u00e9n auton\u00f3mi\u00e1j\u00e1t elfogad\u00f3, integr\u00e1ci\u00f3j\u00e1t minden eszk\u00f6zzel seg\u00edt\u0151, humaniz\u00e1lt k\u00f6rnyezet alakuljon ki.<\/p>\n<p style=\"color: #000000;\">Lak\u00f3inkat 10 gondoz\u00e1si egys\u00e9gben helyezt\u00fck el, k\u00e9t k\u00fcl\u00f6n\u00e1ll\u00f3 \u00e9p\u00fcletben, 2-10 \u00e1gyas szob\u00e1kban.<br \/>\nAz \u201eA\u201d \u00e9p\u00fclet h\u00e1rom szintj\u00e9n \u2013nagyr\u00e9szt 5-6 \u00e1gyas szob\u00e1kban-340 lak\u00f3 elhelyez\u00e9s\u00e9re van lehet\u0151s\u00e9g. Az els\u0151 \u00e9s m\u00e1sodik emeleten 8-8 darab 10 \u00e1gya<a style=\"font-weight: bold; color: #000000;\" href=\"https:\/\/www.gotthardotthon.hu\/wp-content\/uploads\/2010\/04\/P10504141.jpg\"><img loading=\"lazy\" decoding=\"async\" class=\"alignright  wp-image-788\" title=\"P1050414\" src=\"https:\/\/www.gotthardotthon.hu\/wp-content\/uploads\/2010\/04\/P10504141-225x300.jpg\" alt=\"\" width=\"137\" height=\"192\" \/><\/a>s szoba is tal\u00e1lhat\u00f3, melyekben az \u00e1lland\u00f3 fel\u00fcgyeletet \u00e9s teljes \u00e1pol\u00e1st-gondoz\u00e1st ig\u00e9nyl\u0151 lak\u00f3kat helyezt\u00fck el.<br \/>\nA lak\u00f3\u00e9p\u00fcletekhez sz\u00e1mos kiszolg\u00e1l\u00f3 egys\u00e9g is tartozik \/vizes blokkok, t\u00e1rsalg\u00f3k, teakonyh\u00e1k, foglalkoztat\u00f3k, n\u0151v\u00e9rszob\u00e1k\/.<br \/>\nA f\u00f6ldszinten tal\u00e1lhat\u00f3 a 120 f\u00e9r\u0151helyes \u00e9tterem, mely kialak\u00edt\u00e1s\u00e1n\u00e1l fogva alkalmas 200-250 szem\u00e9ly el\u0151tti kultur\u00e1lis rendezv\u00e9nyek megtart\u00e1s\u00e1ra is.<br \/>\n<a style=\"font-weight: bold; color: #000000;\" href=\"https:\/\/www.gotthardotthon.hu\/wp-content\/uploads\/2010\/04\/betegszoba.jpg\"><img loading=\"lazy\" decoding=\"async\" class=\"alignleft  wp-image-226\" title=\"betegszoba\" src=\"https:\/\/www.gotthardotthon.hu\/wp-content\/uploads\/2010\/04\/betegszoba-300x225.jpg\" alt=\"\" width=\"135\" height=\"126\" \/><\/a>Az \u201eA\u201d \u00e9p\u00fcletben tal\u00e1lhat\u00f3 a\u00a0 14 \u00e1gyas Betegszobai r\u00e9szleg, mely kv\u00e1zi k\u00f3rh\u00e1zi szint\u0171 ell\u00e1t\u00e1sra is alkalmas. Itt t\u00f6rt\u00e9nik az \u00faj lak\u00f3k fogad\u00e1sa, megfigyel\u00e9se, sz\u0171r\u0151vizsg\u00e1lata. \u00c1tmeneti betegszobai tart\u00f3zkod\u00e1suk alatt megismerkedhetnek az otthonnal, leend\u0151 lak\u00f3t\u00e1rsaikkal, valamint a gondoz\u00f3kkal is. A betegszobai r\u00e9szlegbe helyezz\u00fck el \u00e1tmenetileg azokat a lak\u00f3kat is, akikn\u00e9l fokozottabb orvosi \u00e9s n\u0151v\u00e9ri ell\u00e1t\u00e1s indokolt. E r\u00e9szleg mellett alak\u00edtottuk ki a vizsg\u00e1l\u00f3t, az orvosi-, valamint a n\u0151v\u00e9rszob\u00e1t is.<br \/>\nA \u201eB\u201d \u00e9s C\u201d jel\u0171, h\u00e1romszintes \u00e9p\u00fclet 380 lak\u00f3 elhelyez\u00e9s\u00e9t teszi lehet\u0151v\u00e9. Itt\u00a0<a style=\"font-weight: bold; color: #000000;\" href=\"https:\/\/www.gotthardotthon.hu\/wp-content\/uploads\/2010\/04\/P10504071.jpg\"><img loading=\"lazy\" decoding=\"async\" class=\"alignleft  wp-image-786\" title=\"P1050407\" src=\"https:\/\/www.gotthardotthon.hu\/wp-content\/uploads\/2010\/04\/P10504071-300x225.jpg\" alt=\"\" width=\"126\" height=\"97\" \/><\/a>ker\u00fclnek elhelyez\u00e9sre a k\u00f6nnyen mozg\u00f3, az \u00f6nell\u00e1t\u00e1s sor\u00e1n kevesebb seg\u00edts\u00e9get ig\u00e9nyl\u0151 lak\u00f3ink. Az itt kialak\u00edtott \u00f6t gondoz\u00e1si egys\u00e9gben 2-7 f\u00e9r\u0151helyes, hever\u0151kkel, ill. funkcion\u00e1lis \u00e1gyakkal felszerelt lak\u00f3szob\u00e1kban \u00e9lnek ell\u00e1tottaink. Valamennyi gondoz\u00e1si egys\u00e9gben itt is megtal\u00e1lhat\u00f3k a t\u00e1rsalg\u00f3k, foglalkoztat\u00f3k, n\u0151v\u00e9rszob\u00e1k, teakonyh\u00e1k, \u00e9s a sz\u00fcks\u00e9ges vizes blokkok.<a style=\"font-weight: bold; color: #000000;\" href=\"https:\/\/www.gotthardotthon.hu\/wp-content\/uploads\/2010\/04\/szoba-3.jpg\"><img loading=\"lazy\" decoding=\"async\" class=\"alignright  wp-image-228\" title=\"szoba  3\" src=\"https:\/\/www.gotthardotthon.hu\/wp-content\/uploads\/2010\/04\/szoba-3-300x225.jpg\" alt=\"\" width=\"151\" height=\"118\" \/><\/a><\/p>\n<p style=\"color: #000000;\">A k\u00e9t \u00e9p\u00fcletet k\u00f6ti \u00f6ssze a \u201eD\u201d jel\u0171 nyaktag, mely szakmai kiszolg\u00e1l\u00f3 funkci\u00f3kat l\u00e1t el. Itt tal\u00e1lhat\u00f3k az orvosi rendel\u0151k, orvosi szob\u00e1k, t\u00e1rsalg\u00f3k, valamint a \u00a0gondozotti \u00e9tterem.<\/p>\n<p style=\"color: #000000;\">EG\u00c9SZS\u00c9G\u00dcGYI ELL\u00c1T\u00c1S<br \/>\nInt\u00e9zm\u00e9ny\u00fcnk 734 f\u00e9r\u0151helyes \u2013 az orsz\u00e1g legnagyobb \u2013 kr\u00f3nikus, ill. id\u0151nk\u00e9nt akut pszichotikus t\u00fcneteket is produk\u00e1l\u00f3 pszichi\u00e1triai betegeket gondoz\u00f3 otthona. Int\u00e9zm\u00e9ny\u00fcnk a komplex ell\u00e1t\u00e1s keret\u00e9ben biztos\u00edtja az ell\u00e1t\u00e1st ig\u00e9nybe vev\u0151k eg\u00e9szs\u00e9g\u00fcgyi ell\u00e1t\u00e1s\u00e1t, mely kiterjed<br \/>\n&#8211; az eg\u00e9szs\u00e9gmeg\u0151rz\u00e9s\u00e9t szolg\u00e1l\u00f3 felvil\u00e1gos\u00edt\u00e1sra,<br \/>\n&#8211; rendszeres orvosi fel\u00fcgyeletre,<br \/>\n&#8211; sz\u00fcks\u00e9g szerinti alap\u00e1pol\u00e1sra, szak\u00e1pol\u00e1sra,<br \/>\n&#8211; a szem\u00e9lyi higi\u00e9n\u00e9 biztos\u00edt\u00e1s\u00e1ra,<br \/>\n&#8211; az \u00e9tkez\u00e9sben, a folyad\u00e9kp\u00f3tl\u00e1sban, a hely \u00e9s helyzetv\u00e1ltoz\u00e1sban, valamint a kontinenci\u00e1ban val\u00f3 seg\u00edts\u00e9gny\u00fajt\u00e1sra,<br \/>\n&#8211; szakorvosi ell\u00e1t\u00e1shoz val\u00f3 hozz\u00e1jut\u00e1sra,<br \/>\n&#8211; k\u00f3rh\u00e1zi kezel\u00e9shez val\u00f3 hozz\u00e1jut\u00e1sra,<br \/>\n&#8211; a hat\u00e1lyos rendeletben meghat\u00e1rozott gy\u00f3gyszerell\u00e1t\u00e1sra, int\u00e9zm\u00e9ny\u00fcnk a\u00a0 szem\u00e9lyes gondoskod\u00e1st ny\u00fajt\u00f3 szoci\u00e1lis int\u00e9zm\u00e9nyek szakmai feladatair\u00f3l \u00e9s m\u0171k\u00f6d\u00e9s\u00fck felt\u00e9teleir\u0151l sz\u00f3l\u00f3 1\/2000. (I. 7.) SzCsM rendelet el\u0151\u00edr\u00e1sainak megfelel\u0151en biztos\u00edtja az eseti gy\u00f3gyszerk\u00e9szletet, rendszeres gy\u00f3gyszerk\u00e9szletet \u00e9s a betegell\u00e1t\u00e1shoz n\u00e9lk\u00fcl\u00f6zhetetlen k\u00e9sz\u00edtm\u00e9nyeket ATC k\u00f3d szerint t\u00e9r\u00edt\u00e9smentesen biztos\u00edtja. <a href=\"\/?attachment_id=2338\">Gy\u00f3gyszeralaplista<\/a>, tov\u00e1bb\u00e1<br \/>\n&#8211; gy\u00f3gy\u00e1szati seg\u00e9deszk\u00f6z\u00f6k biztos\u00edt\u00e1s\u00e1ra.<br \/>\nA rendszeres orvosi fel\u00fcgyelet keret\u00e9ben biztos\u00edtjuk az ell\u00e1t\u00e1st ig\u00e9nybe vev\u0151 eg\u00e9szs\u00e9gi \u00e1llapot\u00e1nak rendszeres ellen\u0151rz\u00e9s\u00e9t, az orvosi tan\u00e1csad\u00e1st, az eg\u00e9szs\u00e9g\u00fcgyi t\u00e1rgy\u00fa jogszab\u00e1lyokban meghat\u00e1rozott sz\u0171r\u00e9seket, a gy\u00f3gyszerrendel\u00e9st, az orvos \u00e1ltal elrendelt vizsg\u00e1lat elv\u00e9gz\u00e9s\u00e9t, \u2013 ha az int\u00e9zm\u00e9ny keretei k\u00f6z\u00f6tt megoldhat\u00f3 \u2013 gy\u00f3gykezel\u00e9s\u00e9t.<\/p>\n<p style=\"color: #000000;\">\nInt\u00e9zm\u00e9ny\u00fcnkben a f\u0151\u00e1ll\u00e1sban alkalmazott \/szak\/orvosok, tov\u00e1bb\u00e1 a h\u00e1ziorvos a kijel\u00f6lt gondoz\u00e1si egys\u00e9gekben naponta t\u00e1j\u00e9koz\u00f3dnak a lak\u00f3k eg\u00e9szs\u00e9gi \u00e9s pszich\u00e9s \u00e1llapot\u00e1r\u00f3l. Sz\u00fcks\u00e9g eset\u00e9n a szakorvosi konzult\u00e1ci\u00f3ra van lehet\u0151s\u00e9g. Fentieken t\u00fal valamennyi lak\u00f3nk eset\u00e9ben \u00e9vente elv\u00e9gzik a szomatikus kivizsg\u00e1l\u00e1sokat, melyet a beteg eg\u00e9szs\u00e9g\u00fcgyi lapj\u00e1n dokument\u00e1lnak.<br \/>\nFontos feladatunknak tekintj\u00fck a gy\u00f3gy\u00edt\u00f3- megel\u0151z\u0151 tev\u00e9kenys\u00e9get \/pl.onkol\u00f3giai, pulmonol\u00f3giai sz\u0171r\u0151vizsg\u00e1lat\/.<br \/>\nAz int\u00e9zm\u00e9ny pszichi\u00e1terei, orvosai, a f\u0151n\u0151v\u00e9rek, a ment\u00e1lhigi\u00e9n\u00e9s szem\u00e9lyzet, a gondoz\u00e1si egys\u00e9g n\u0151v\u00e9reinek bevon\u00e1s\u00e1val \u2013 valamennyi lak\u00f3ra kiterjed\u0151en \u2013 havi nagyvizitet tartanak.\u00a0 A gondoz\u00e1si terv egyes elemeit itt m\u00e9rik fel, illetve a kor\u00e1bbi elk\u00e9pzel\u00e9seket a lak\u00f3val egy\u00fcttm\u0171k\u00f6dve kontroll\u00e1lj\u00e1k.<br \/>\nLak\u00f3ink nem s\u00fcrg\u0151ss\u00e9gi szakell\u00e1t\u00e1s\u00e1t int\u00e9zm\u00e9ny\u00fcnkben, r\u00e9sz\u00e1ll\u00e1sban foglalkoztatott orvosokkal biztos\u00edtjuk.<br \/>\nA s\u00fcrg\u0151s, valamint az egy\u00e9bir\u00e1ny\u00fa szakell\u00e1t\u00e1st az illet\u00e9kes szakrendel\u00e9sek, illetve az ambulanci\u00e1k ig\u00e9ny szerint elv\u00e9gzik.<br \/>\nA sz\u00fcks\u00e9ges k\u00f3rh\u00e1zi kezel\u00e9sek a ter\u00fcletileg illet\u00e9kes a szombathelyi k\u00f3rh\u00e1z oszt\u00e1lyain t\u00f6rt\u00e9nnek.<br \/>\nA vesz\u00e9lyeztet\u0151, esetleg k\u00f6zvetlen vesz\u00e9lyeztet\u0151 \u00e1llapot\u00fa betegekre vonatkoz\u00f3 szab\u00e1lyzatunknak megfelel\u0151en, az orvos (vezet\u0151 \u00e1pol\u00f3) \u00e1ltal elrendelt korl\u00e1toz\u00f3 int\u00e9zked\u00e9sek dokument\u00e1l\u00e1s\u00e1t naprak\u00e9szen elv\u00e9gezz\u00fck, melyr\u0151l az \u00e9rintetteket \u2013 ell\u00e1tottjogi,- t\u00f6rv\u00e9nyes k\u00e9pvisel\u0151 \u2013 \u00e9rtes\u00edtj\u00fck.<br \/>\nA magasabb szint\u0171 eg\u00e9szs\u00e9g\u00fcgyi ell\u00e1t\u00e1st seg\u00edti a diagnosztikai laborat\u00f3riumunk, a j\u00f3l felszerelt fizikoter\u00e1pi\u00e1nk, valamint a tornaterem.<\/p>\n<p style=\"color: #000000;\">Az \u201eA-B-C\u201d \u00e9p\u00fclet f\u00f6ldszintj\u00e9re, a foglalkoztat\u00f3 \u00e9p\u00fcletbe, a b\u00fcf\u00e9be ki\u00e9p\u00edtett r\u00e1mp\u00e1kon kereszt\u00fcl juthatnak el a kerekessz\u00e9kkel k\u00f6zleked\u0151 lak\u00f3ink. F\u00fcgg\u0151leges k\u00f6zleked\u00e9s\u00fcket liftek biztos\u00edtj\u00e1k. Az oszt\u00e1lyokon a biztons\u00e1g\u00e9rzet\u00fcket a kapaszkod\u00f3k seg\u00edtik.<\/p>\n","protected":false},"excerpt":{"rendered":"<p>C\u00e9lunk biztons\u00e1gos \u00e9s nyugodt \u00e9letfelt\u00e9telek, szem\u00e9lyre sz\u00f3l\u00f3 \u00e1pol\u00e1st \u00e9s gondoz\u00e1st ny\u00fajt\u00e1sa minden lak\u00f3 sz\u00e1m\u00e1ra. A teljes k\u00f6r\u0171 ell\u00e1t\u00e1s mag\u00e1ban foglalja a lak\u00f3k fizikai, eg\u00e9szs\u00e9g\u00fcgyi \u00e9s ment\u00e1lhigi\u00e9n\u00e9s ell\u00e1t\u00e1s\u00e1t. Tev\u00e9kenys\u00e9g\u00fcnk sor\u00e1n a medicin\u00e1lis ter\u00e1pia mellett fontos szerepet tulajdon\u00edtunk a k\u00fcl\u00f6nb\u00f6z\u0151 pszichoter\u00e1pi\u00e1s m\u00f3dszereknek \u00e9s a munkafoglalkoztat\u00e1snak is. Fokozott figyelmet ford\u00edtunk arra, hogy az ell\u00e1t\u00e1sban r\u00e9szes\u00fcl\u0151k emberi \u00e9s \u00e1llampolg\u00e1ri [&hellip;]<\/p>\n","protected":false},"author":1,"featured_media":0,"parent":0,"menu_order":0,"comment_status":"closed","ping_status":"closed","template":"","meta":{"xn-wppe-expiration":[],"xn-wppe-expiration-action":[],"xn-wppe-expiration-prefix":[],"zakra_page_container_layout":"customizer","zakra_page_sidebar_layout":"customizer","zakra_remove_content_margin":false,"zakra_sidebar":"customizer","zakra_transparent_header":"customizer","zakra_logo":0,"zakra_main_header_style":"default","zakra_menu_item_color":"","zakra_menu_item_hover_color":"","zakra_menu_item_active_color":"","zakra_menu_active_style":"","zakra_page_header":true,"footnotes":""},"class_list":["post-108","page","type-page","status-publish","hentry"],"_links":{"self":[{"href":"https:\/\/www.gotthardotthon.hu\/index.php?rest_route=\/wp\/v2\/pages\/108","targetHints":{"allow":["GET"]}}],"collection":[{"href":"https:\/\/www.gotthardotthon.hu\/index.php?rest_route=\/wp\/v2\/pages"}],"about":[{"href":"https:\/\/www.gotthardotthon.hu\/index.php?rest_route=\/wp\/v2\/types\/page"}],"author":[{"embeddable":true,"href":"https:\/\/www.gotthardotthon.hu\/index.php?rest_route=\/wp\/v2\/users\/1"}],"replies":[{"embeddable":true,"href":"https:\/\/www.gotthardotthon.hu\/index.php?rest_route=%2Fwp%2Fv2%2Fcomments&post=108"}],"version-history":[{"count":11,"href":"https:\/\/www.gotthardotthon.hu\/index.php?rest_route=\/wp\/v2\/pages\/108\/revisions"}],"predecessor-version":[{"id":2339,"href":"https:\/\/www.gotthardotthon.hu\/index.php?rest_route=\/wp\/v2\/pages\/108\/revisions\/2339"}],"wp:attachment":[{"href":"https:\/\/www.gotthardotthon.hu\/index.php?rest_route=%2Fwp%2Fv2%2Fmedia&parent=108"}],"curies":[{"name":"wp","href":"https:\/\/api.w.org\/{rel}","templated":true}]}}